{"id":2155,"date":"2019-08-13T12:43:29","date_gmt":"2019-08-13T12:43:29","guid":{"rendered":"https:\/\/www.istanbulafrica.com\/?page_id=2155"},"modified":"2020-04-02T10:03:19","modified_gmt":"2020-04-02T10:03:19","slug":"fas","status":"publish","type":"page","link":"https:\/\/www.istanbulafrica.com\/tr\/afrika\/ulke-profilleri\/fas\/","title":{"rendered":"Fas"},"content":{"rendered":"\t\t<div data-elementor-type=\"wp-post\" data-elementor-id=\"2155\" class=\"elementor elementor-2155 elementor-bc-flex-widget\">\n\t\t\t\t\t\t<section class=\"elementor-section elementor-top-section elementor-element elementor-element-9f66830 elementor-section-boxed elementor-section-height-default elementor-section-height-default\" data-id=\"9f66830\" data-element_type=\"section\">\n\t\t\t\t\t\t<div class=\"elementor-container elementor-column-gap-default\">\n\t\t\t\t\t<div class=\"elementor-column elementor-col-100 elementor-top-column elementor-element elementor-element-e0f6383\" data-id=\"e0f6383\" data-element_type=\"column\">\n\t\t\t<div class=\"elementor-widget-wrap elementor-element-populated\">\n\t\t\t\t\t\t<div class=\"elementor-element elementor-element-43d5647 elementor-widget elementor-widget-text-editor\" data-id=\"43d5647\" data-element_type=\"widget\" data-widget_type=\"text-editor.default\">\n\t\t\t\t<div class=\"elementor-widget-container\">\n\t\t\t\t\t\t\t\t\t<p class=\"MsoNormal\" style=\"margin: 0in 0in 10pt; line-height: normal; font-size: 14pt; font-family: 'Microsoft Sans Serif', sans-serif; color: white; text-align: justify;\"><span style=\"font-size: 12pt; font-family: Calibri, sans-serif; color: #161718;\">Fas Krall\u0131\u011f\u0131 Kuzey Bat\u0131 Afrika&#8217;da bulunur ve Cezayir s\u0131n\u0131r\u0131ndad\u0131r. Fas\u2019\u0131n n\u00fcfusu 36 milyondur, GSYH\u2019\u0131 109 Milyar dolard\u0131r. Fas, Arap Birli\u011fi, Akdeniz Birli\u011fi ve Afrika Birli\u011fi \u00fcyesidir.<\/span><\/p><p class=\"MsoNormal\" style=\"margin: 0in 0in 10pt; line-height: normal; font-size: 14pt; font-family: 'Microsoft Sans Serif', sans-serif; color: white; text-align: justify;\"><span style=\"font-size: 12pt; font-family: Calibri, sans-serif; color: #161718;\">Fas, 1956&#8217;da Fransa ve \u0130spanya&#8217;dan ba\u011f\u0131ms\u0131zl\u0131k kazand\u0131. Fas&#8217;\u0131n resmi dili Arap\u00e7a\u2019d\u0131r ve Frans\u0131zca yayg\u0131n olarak konu\u015fulan bir yabanc\u0131 dildir. Ba\u015fkenti Rabat, Kazablanka ise en b\u00fcy\u00fck \u015fehridir. Fas, Bat\u0131 Sahra b\u00f6lgesinde siyasi \u00e7at\u0131\u015fmalara sahip ve Bat\u0131 Sahara topraklar\u0131n\u0131n %70&#8217;ine sahip.<\/span><\/p><p class=\"MsoNormal\" style=\"margin: 0in 0in 10pt; line-height: normal; font-size: 14pt; font-family: 'Microsoft Sans Serif', sans-serif; color: white; text-align: justify;\"><span style=\"font-size: 12pt; font-family: Calibri, sans-serif; color: #161718;\">Fas\u2019\u0131n ana ticaret ortaklar\u0131 \u0130spanya ve Fransa\u2019d\u0131r. Ticaret hacminin yakla\u015f\u0131k %40&#8217;\u0131 bu iki \u00fclkededir. T\u00fcrkiye, Fas ticaretinde \u00f6nemli bir oyuncu olup, hem ihracatta hem de ithalatta toplam ticaret hacminin %4&#8217;\u00fcn\u00fc olu\u015fturuyor. Bir\u00e7ok Avrupal\u0131 \u015firket Fas&#8217;\u0131n tekstil ve otomotiv sekt\u00f6r\u00fcne do\u011frudan yabanc\u0131 yat\u0131r\u0131m yap\u0131yor. \u00dclke, her sekt\u00f6rde \u00e7ok \u00e7e\u015fitli ihracat ve ithalata sahiptir.<\/span><\/p><p class=\"MsoNormal\" style=\"margin: 0in 0in 10pt; line-height: normal; font-size: 14pt; font-family: 'Microsoft Sans Serif', sans-serif; color: white; text-align: justify;\"><span style=\"font-size: 12pt; font-family: Calibri, sans-serif; color: #161718;\">T\u00fcrkiye ve Fas\u2019\u0131n Osmanl\u0131 \u0130mparatorlu\u011fu\u2019ndan beri tarihi ili\u015fkileri var. Fas ve T\u00fcrkiye, 2006&#8217;dan bu yana, T\u00fcrk \u015firketlerinin \u00fcr\u00fcnlerini tarifesiz ihra\u00e7 etmelerine yard\u0131mc\u0131 olan serbest ticaret anla\u015fmas\u0131na sahipler. Fas&#8217;a yat\u0131r\u0131m yapan bir\u00e7ok T\u00fcrk \u015firketi var ve ayn\u0131 zamanda T\u00fcrkiye-Fas \u0130\u015fadamlar\u0131 Derne\u011fi&#8217;ni (T\u00dcF\u0130AD) kurdu. T\u00fcrk ihracat\u0131n\u0131n \u00e7o\u011fu, otomobil, motor, demir blok ve kamyon gibi otomotiv end\u00fcstrisinde yo\u011funla\u015fmaktad\u0131r.<\/span><\/p><p class=\"MsoNormal\" style=\"margin: 0in 0in 10pt; line-height: normal; font-size: 14pt; font-family: 'Microsoft Sans Serif', sans-serif; color: white; text-align: justify;\"><span style=\"font-size: 12pt; font-family: Calibri, sans-serif; color: #161718;\">A\u015fa\u011f\u0131da Fas&#8217;\u0131n\u00a0<\/span><span style=\"font-size: 12pt; font-family: Calibri, sans-serif; color: #161718;\">bilgi formunu, makroekonomik g\u00f6r\u00fcn\u00fcm\u00fcn\u00fc ve T\u00fcrkiye ile ticari ili\u015fkilerini g\u00f6rebilirsiniz.<\/span><\/p>\t\t\t\t\t\t\t\t<\/div>\n\t\t\t\t<\/div>\n\t\t\t\t\t<\/div>\n\t\t<\/div>\n\t\t\t\t\t<\/div>\n\t\t<\/section>\n\t\t\t\t<section class=\"elementor-section elementor-top-section elementor-element elementor-element-ffeb7df elementor-section-boxed elementor-section-height-default elementor-section-height-default\" data-id=\"ffeb7df\" data-element_type=\"section\">\n\t\t\t\t\t\t<div class=\"elementor-container elementor-column-gap-default\">\n\t\t\t\t\t<div class=\"elementor-column elementor-col-100 elementor-top-column elementor-element elementor-element-196e01c\" data-id=\"196e01c\" data-element_type=\"column\">\n\t\t\t<div class=\"elementor-widget-wrap elementor-element-populated\">\n\t\t\t\t\t\t<div class=\"elementor-element elementor-element-d7b71a6 elementor-widget elementor-widget-image\" data-id=\"d7b71a6\" data-element_type=\"widget\" data-widget_type=\"image.default\">\n\t\t\t\t<div class=\"elementor-widget-container\">\n\t\t\t\t\t\t\t\t\t\t\t\t\t\t\t<img fetchpriority=\"high\" decoding=\"async\" width=\"492\" height=\"262\" src=\"https:\/\/www.istanbulafrica.com\/wp-content\/uploads\/2019\/08\/Morocco-Chart1.jpg\" class=\"attachment-large size-large wp-image-1987\" alt=\"morocco profile trade gdp export import\" srcset=\"https:\/\/www.istanbulafrica.com\/wp-content\/uploads\/2019\/08\/Morocco-Chart1.jpg 492w, https:\/\/www.istanbulafrica.com\/wp-content\/uploads\/2019\/08\/Morocco-Chart1-300x160.jpg 300w\" sizes=\"(max-width: 492px) 100vw, 492px\" \/>\t\t\t\t\t\t\t\t\t\t\t\t\t\t\t<\/div>\n\t\t\t\t<\/div>\n\t\t\t\t\t<\/div>\n\t\t<\/div>\n\t\t\t\t\t<\/div>\n\t\t<\/section>\n\t\t\t\t<section class=\"elementor-section elementor-top-section elementor-element elementor-element-e4e0a71 elementor-section-boxed elementor-section-height-default elementor-section-height-default\" data-id=\"e4e0a71\" data-element_type=\"section\">\n\t\t\t\t\t\t<div class=\"elementor-container elementor-column-gap-default\">\n\t\t\t\t\t<div class=\"elementor-column elementor-col-100 elementor-top-column elementor-element elementor-element-f659255\" data-id=\"f659255\" data-element_type=\"column\">\n\t\t\t<div class=\"elementor-widget-wrap elementor-element-populated\">\n\t\t\t\t\t\t<div class=\"elementor-element elementor-element-c27241a elementor-widget elementor-widget-image\" data-id=\"c27241a\" data-element_type=\"widget\" data-widget_type=\"image.default\">\n\t\t\t\t<div class=\"elementor-widget-container\">\n\t\t\t\t\t\t\t\t\t\t\t\t\t\t\t<img decoding=\"async\" width=\"496\" height=\"294\" src=\"https:\/\/www.istanbulafrica.com\/wp-content\/uploads\/2019\/08\/Morocco-Chart2.jpg\" class=\"attachment-large size-large wp-image-1988\" alt=\"morocco profile trade gdp export import\" srcset=\"https:\/\/www.istanbulafrica.com\/wp-content\/uploads\/2019\/08\/Morocco-Chart2.jpg 496w, https:\/\/www.istanbulafrica.com\/wp-content\/uploads\/2019\/08\/Morocco-Chart2-300x178.jpg 300w\" sizes=\"(max-width: 496px) 100vw, 496px\" \/>\t\t\t\t\t\t\t\t\t\t\t\t\t\t\t<\/div>\n\t\t\t\t<\/div>\n\t\t\t\t\t<\/div>\n\t\t<\/div>\n\t\t\t\t\t<\/div>\n\t\t<\/section>\n\t\t\t\t<\/div>\n\t\t","protected":false},"excerpt":{"rendered":"<p>Fas Krall\u0131\u011f\u0131 Kuzey Bat\u0131 Afrika&#8217;da bulunur ve Cezayir s\u0131n\u0131r\u0131ndad\u0131r. Fas\u2019\u0131n n\u00fcfusu 36 milyondur, GSYH\u2019\u0131 109 Milyar dolard\u0131r. Fas, Arap Birli\u011fi, [&hellip;]<\/p>\n","protected":false},"author":1,"featured_media":1985,"parent":2125,"menu_order":0,"comment_status":"closed","ping_status":"closed","template":"","meta":{"_monsterinsights_skip_tracking":false,"_monsterinsights_sitenote_active":false,"_monsterinsights_sitenote_note":"","_monsterinsights_sitenote_category":0,"footnotes":""},"class_list":["post-2155","page","type-page","status-publish","has-post-thumbnail","hentry"],"yoast_head":"<!-- This site is optimized with the Yoast SEO Premium plugin v25.7.1 (Yoast SEO v25.8) - https:\/\/yoast.com\/wordpress\/plugins\/seo\/ -->\n<title>Fas ihracat Fas ithalat - Istanbul Africa Trade Company - Fas Ticaret<\/title>\n<meta name=\"description\" content=\"Fas ihracat, Fas ithalat. Fas ile ticaret. Fas&#039;a nas\u0131l ihracat yap\u0131l\u0131r? Makine, tekstil, mobilya, metal, tar\u0131m, altyap\u0131, in\u015faat, kimya, plastik, demir.\" \/>\n<meta name=\"robots\" content=\"index, follow, max-snippet:-1, max-image-preview:large, max-video-preview:-1\" \/>\n<link rel=\"canonical\" href=\"https:\/\/www.istanbulafrica.com\/tr\/afrika\/ulke-profilleri\/fas\/\" \/>\n<meta property=\"og:locale\" content=\"en_US\" \/>\n<meta property=\"og:type\" content=\"article\" \/>\n<meta property=\"og:title\" content=\"Fas\" \/>\n<meta property=\"og:description\" content=\"Fas ihracat, Fas ithalat. Fas ile ticaret. Fas&#039;a nas\u0131l ihracat yap\u0131l\u0131r? Makine, tekstil, mobilya, metal, tar\u0131m, altyap\u0131, in\u015faat, kimya, plastik, demir.\" \/>\n<meta property=\"og:url\" content=\"https:\/\/www.istanbulafrica.com\/tr\/afrika\/ulke-profilleri\/fas\/\" \/>\n<meta property=\"og:site_name\" content=\"Istanbul Africa Trade Company\" \/>\n<meta property=\"article:publisher\" content=\"http:\/\/www.facebook.com\/istanbulafrica\" \/>\n<meta property=\"article:modified_time\" content=\"2020-04-02T10:03:19+00:00\" \/>\n<meta property=\"og:image\" content=\"https:\/\/www.istanbulafrica.com\/wp-content\/uploads\/2019\/08\/Morocco-Prof.jpg\" \/>\n\t<meta property=\"og:image:width\" content=\"494\" \/>\n\t<meta property=\"og:image:height\" content=\"213\" \/>\n\t<meta property=\"og:image:type\" content=\"image\/jpeg\" \/>\n<meta name=\"twitter:card\" content=\"summary_large_image\" \/>\n<meta name=\"twitter:site\" content=\"@istanbulafrica\" \/>\n<meta name=\"twitter:label1\" content=\"Est. reading time\" \/>\n\t<meta name=\"twitter:data1\" content=\"1 minute\" \/>\n<script type=\"application\/ld+json\" class=\"yoast-schema-graph\">{\"@context\":\"https:\/\/schema.org\",\"@graph\":[{\"@type\":\"WebPage\",\"@id\":\"https:\/\/www.istanbulafrica.com\/tr\/afrika\/ulke-profilleri\/fas\/\",\"url\":\"https:\/\/www.istanbulafrica.com\/tr\/afrika\/ulke-profilleri\/fas\/\",\"name\":\"Fas ihracat Fas ithalat - Istanbul Africa Trade Company - Fas Ticaret\",\"isPartOf\":{\"@id\":\"https:\/\/www.istanbulafrica.com\/#website\"},\"primaryImageOfPage\":{\"@id\":\"https:\/\/www.istanbulafrica.com\/tr\/afrika\/ulke-profilleri\/fas\/#primaryimage\"},\"image\":{\"@id\":\"https:\/\/www.istanbulafrica.com\/tr\/afrika\/ulke-profilleri\/fas\/#primaryimage\"},\"thumbnailUrl\":\"https:\/\/www.istanbulafrica.com\/wp-content\/uploads\/2019\/08\/Morocco-Prof.jpg\",\"datePublished\":\"2019-08-13T12:43:29+00:00\",\"dateModified\":\"2020-04-02T10:03:19+00:00\",\"description\":\"Fas ihracat, Fas ithalat. Fas ile ticaret. Fas'a nas\u0131l ihracat yap\u0131l\u0131r? Makine, tekstil, mobilya, metal, tar\u0131m, altyap\u0131, in\u015faat, kimya, plastik, demir.\",\"breadcrumb\":{\"@id\":\"https:\/\/www.istanbulafrica.com\/tr\/afrika\/ulke-profilleri\/fas\/#breadcrumb\"},\"inLanguage\":\"en-US\",\"potentialAction\":[{\"@type\":\"ReadAction\",\"target\":[\"https:\/\/www.istanbulafrica.com\/tr\/afrika\/ulke-profilleri\/fas\/\"]}]},{\"@type\":\"ImageObject\",\"inLanguage\":\"en-US\",\"@id\":\"https:\/\/www.istanbulafrica.com\/tr\/afrika\/ulke-profilleri\/fas\/#primaryimage\",\"url\":\"https:\/\/www.istanbulafrica.com\/wp-content\/uploads\/2019\/08\/Morocco-Prof.jpg\",\"contentUrl\":\"https:\/\/www.istanbulafrica.com\/wp-content\/uploads\/2019\/08\/Morocco-Prof.jpg\",\"width\":494,\"height\":213,\"caption\":\"morocco profile trade gdp export import\"},{\"@type\":\"BreadcrumbList\",\"@id\":\"https:\/\/www.istanbulafrica.com\/tr\/afrika\/ulke-profilleri\/fas\/#breadcrumb\",\"itemListElement\":[{\"@type\":\"ListItem\",\"position\":1,\"name\":\"Home\",\"item\":\"https:\/\/www.istanbulafrica.com\/\"},{\"@type\":\"ListItem\",\"position\":2,\"name\":\"Afrika\",\"item\":\"https:\/\/www.istanbulafrica.com\/tr\/afrika\/\"},{\"@type\":\"ListItem\",\"position\":3,\"name\":\"\u00dclke Profilleri\",\"item\":\"https:\/\/www.istanbulafrica.com\/tr\/afrika\/ulke-profilleri\/\"},{\"@type\":\"ListItem\",\"position\":4,\"name\":\"Fas\"}]},{\"@type\":\"WebSite\",\"@id\":\"https:\/\/www.istanbulafrica.com\/#website\",\"url\":\"https:\/\/www.istanbulafrica.com\/\",\"name\":\"Istanbul Africa Trade Company\",\"description\":\"Import, Export and Investment\",\"publisher\":{\"@id\":\"https:\/\/www.istanbulafrica.com\/#organization\"},\"potentialAction\":[{\"@type\":\"SearchAction\",\"target\":{\"@type\":\"EntryPoint\",\"urlTemplate\":\"https:\/\/www.istanbulafrica.com\/?s={search_term_string}\"},\"query-input\":{\"@type\":\"PropertyValueSpecification\",\"valueRequired\":true,\"valueName\":\"search_term_string\"}}],\"inLanguage\":\"en-US\"},{\"@type\":\"Organization\",\"@id\":\"https:\/\/www.istanbulafrica.com\/#organization\",\"name\":\"Istanbul Africa Trade Company\",\"url\":\"https:\/\/www.istanbulafrica.com\/\",\"logo\":{\"@type\":\"ImageObject\",\"inLanguage\":\"en-US\",\"@id\":\"https:\/\/www.istanbulafrica.com\/#\/schema\/logo\/image\/\",\"url\":\"https:\/\/www.istanbulafrica.com\/wp-content\/uploads\/2018\/11\/Logo-5_Multicolor-1-e1543258165564.png\",\"contentUrl\":\"https:\/\/www.istanbulafrica.com\/wp-content\/uploads\/2018\/11\/Logo-5_Multicolor-1-e1543258165564.png\",\"width\":300,\"height\":82,\"caption\":\"Istanbul Africa Trade Company\"},\"image\":{\"@id\":\"https:\/\/www.istanbulafrica.com\/#\/schema\/logo\/image\/\"},\"sameAs\":[\"http:\/\/www.facebook.com\/istanbulafrica\",\"https:\/\/x.com\/istanbulafrica\",\"https:\/\/www.instagram.com\/istanbulafrica\",\"https:\/\/linkedin.com\/company\/istanbulafrica\"]}]}<\/script>\n<!-- \/ Yoast SEO Premium plugin. -->","yoast_head_json":{"title":"Fas ihracat Fas ithalat - Istanbul Africa Trade Company - Fas Ticaret","description":"Fas ihracat, Fas ithalat. Fas ile ticaret. Fas'a nas\u0131l ihracat yap\u0131l\u0131r? Makine, tekstil, mobilya, metal, tar\u0131m, altyap\u0131, in\u015faat, kimya, plastik, demir.","robots":{"index":"index","follow":"follow","max-snippet":"max-snippet:-1","max-image-preview":"max-image-preview:large","max-video-preview":"max-video-preview:-1"},"canonical":"https:\/\/www.istanbulafrica.com\/tr\/afrika\/ulke-profilleri\/fas\/","og_locale":"en_US","og_type":"article","og_title":"Fas","og_description":"Fas ihracat, Fas ithalat. Fas ile ticaret. Fas'a nas\u0131l ihracat yap\u0131l\u0131r? Makine, tekstil, mobilya, metal, tar\u0131m, altyap\u0131, in\u015faat, kimya, plastik, demir.","og_url":"https:\/\/www.istanbulafrica.com\/tr\/afrika\/ulke-profilleri\/fas\/","og_site_name":"Istanbul Africa Trade Company","article_publisher":"http:\/\/www.facebook.com\/istanbulafrica","article_modified_time":"2020-04-02T10:03:19+00:00","og_image":[{"width":494,"height":213,"url":"https:\/\/www.istanbulafrica.com\/wp-content\/uploads\/2019\/08\/Morocco-Prof.jpg","type":"image\/jpeg"}],"twitter_card":"summary_large_image","twitter_site":"@istanbulafrica","twitter_misc":{"Est. reading time":"1 minute"},"schema":{"@context":"https:\/\/schema.org","@graph":[{"@type":"WebPage","@id":"https:\/\/www.istanbulafrica.com\/tr\/afrika\/ulke-profilleri\/fas\/","url":"https:\/\/www.istanbulafrica.com\/tr\/afrika\/ulke-profilleri\/fas\/","name":"Fas ihracat Fas ithalat - Istanbul Africa Trade Company - Fas Ticaret","isPartOf":{"@id":"https:\/\/www.istanbulafrica.com\/#website"},"primaryImageOfPage":{"@id":"https:\/\/www.istanbulafrica.com\/tr\/afrika\/ulke-profilleri\/fas\/#primaryimage"},"image":{"@id":"https:\/\/www.istanbulafrica.com\/tr\/afrika\/ulke-profilleri\/fas\/#primaryimage"},"thumbnailUrl":"https:\/\/www.istanbulafrica.com\/wp-content\/uploads\/2019\/08\/Morocco-Prof.jpg","datePublished":"2019-08-13T12:43:29+00:00","dateModified":"2020-04-02T10:03:19+00:00","description":"Fas ihracat, Fas ithalat. Fas ile ticaret. Fas'a nas\u0131l ihracat yap\u0131l\u0131r? Makine, tekstil, mobilya, metal, tar\u0131m, altyap\u0131, in\u015faat, kimya, plastik, demir.","breadcrumb":{"@id":"https:\/\/www.istanbulafrica.com\/tr\/afrika\/ulke-profilleri\/fas\/#breadcrumb"},"inLanguage":"en-US","potentialAction":[{"@type":"ReadAction","target":["https:\/\/www.istanbulafrica.com\/tr\/afrika\/ulke-profilleri\/fas\/"]}]},{"@type":"ImageObject","inLanguage":"en-US","@id":"https:\/\/www.istanbulafrica.com\/tr\/afrika\/ulke-profilleri\/fas\/#primaryimage","url":"https:\/\/www.istanbulafrica.com\/wp-content\/uploads\/2019\/08\/Morocco-Prof.jpg","contentUrl":"https:\/\/www.istanbulafrica.com\/wp-content\/uploads\/2019\/08\/Morocco-Prof.jpg","width":494,"height":213,"caption":"morocco profile trade gdp export import"},{"@type":"BreadcrumbList","@id":"https:\/\/www.istanbulafrica.com\/tr\/afrika\/ulke-profilleri\/fas\/#breadcrumb","itemListElement":[{"@type":"ListItem","position":1,"name":"Home","item":"https:\/\/www.istanbulafrica.com\/"},{"@type":"ListItem","position":2,"name":"Afrika","item":"https:\/\/www.istanbulafrica.com\/tr\/afrika\/"},{"@type":"ListItem","position":3,"name":"\u00dclke Profilleri","item":"https:\/\/www.istanbulafrica.com\/tr\/afrika\/ulke-profilleri\/"},{"@type":"ListItem","position":4,"name":"Fas"}]},{"@type":"WebSite","@id":"https:\/\/www.istanbulafrica.com\/#website","url":"https:\/\/www.istanbulafrica.com\/","name":"Istanbul Africa Trade Company","description":"Import, Export and Investment","publisher":{"@id":"https:\/\/www.istanbulafrica.com\/#organization"},"potentialAction":[{"@type":"SearchAction","target":{"@type":"EntryPoint","urlTemplate":"https:\/\/www.istanbulafrica.com\/?s={search_term_string}"},"query-input":{"@type":"PropertyValueSpecification","valueRequired":true,"valueName":"search_term_string"}}],"inLanguage":"en-US"},{"@type":"Organization","@id":"https:\/\/www.istanbulafrica.com\/#organization","name":"Istanbul Africa Trade Company","url":"https:\/\/www.istanbulafrica.com\/","logo":{"@type":"ImageObject","inLanguage":"en-US","@id":"https:\/\/www.istanbulafrica.com\/#\/schema\/logo\/image\/","url":"https:\/\/www.istanbulafrica.com\/wp-content\/uploads\/2018\/11\/Logo-5_Multicolor-1-e1543258165564.png","contentUrl":"https:\/\/www.istanbulafrica.com\/wp-content\/uploads\/2018\/11\/Logo-5_Multicolor-1-e1543258165564.png","width":300,"height":82,"caption":"Istanbul Africa Trade Company"},"image":{"@id":"https:\/\/www.istanbulafrica.com\/#\/schema\/logo\/image\/"},"sameAs":["http:\/\/www.facebook.com\/istanbulafrica","https:\/\/x.com\/istanbulafrica","https:\/\/www.instagram.com\/istanbulafrica","https:\/\/linkedin.com\/company\/istanbulafrica"]}]}},"_links":{"self":[{"href":"https:\/\/www.istanbulafrica.com\/wp-json\/wp\/v2\/pages\/2155","targetHints":{"allow":["GET"]}}],"collection":[{"href":"https:\/\/www.istanbulafrica.com\/wp-json\/wp\/v2\/pages"}],"about":[{"href":"https:\/\/www.istanbulafrica.com\/wp-json\/wp\/v2\/types\/page"}],"author":[{"embeddable":true,"href":"https:\/\/www.istanbulafrica.com\/wp-json\/wp\/v2\/users\/1"}],"replies":[{"embeddable":true,"href":"https:\/\/www.istanbulafrica.com\/wp-json\/wp\/v2\/comments?post=2155"}],"version-history":[{"count":5,"href":"https:\/\/www.istanbulafrica.com\/wp-json\/wp\/v2\/pages\/2155\/revisions"}],"predecessor-version":[{"id":3143,"href":"https:\/\/www.istanbulafrica.com\/wp-json\/wp\/v2\/pages\/2155\/revisions\/3143"}],"up":[{"embeddable":true,"href":"https:\/\/www.istanbulafrica.com\/wp-json\/wp\/v2\/pages\/2125"}],"wp:featuredmedia":[{"embeddable":true,"href":"https:\/\/www.istanbulafrica.com\/wp-json\/wp\/v2\/media\/1985"}],"wp:attachment":[{"href":"https:\/\/www.istanbulafrica.com\/wp-json\/wp\/v2\/media?parent=2155"}],"curies":[{"name":"wp","href":"https:\/\/api.w.org\/{rel}","templated":true}]}}