{"id":2164,"date":"2019-08-13T12:45:15","date_gmt":"2019-08-13T12:45:15","guid":{"rendered":"https:\/\/www.istanbulafrica.com\/?page_id=2164"},"modified":"2020-04-02T10:08:30","modified_gmt":"2020-04-02T10:08:30","slug":"senegal","status":"publish","type":"page","link":"https:\/\/www.istanbulafrica.com\/tr\/afrika\/ulke-profilleri\/senegal\/","title":{"rendered":"Senegal"},"content":{"rendered":"\t\t<div data-elementor-type=\"wp-post\" data-elementor-id=\"2164\" class=\"elementor elementor-2164 elementor-bc-flex-widget\">\n\t\t\t\t\t\t<section class=\"elementor-section elementor-top-section elementor-element elementor-element-9f66830 elementor-section-boxed elementor-section-height-default elementor-section-height-default\" data-id=\"9f66830\" data-element_type=\"section\">\n\t\t\t\t\t\t<div class=\"elementor-container elementor-column-gap-default\">\n\t\t\t\t\t<div class=\"elementor-column elementor-col-100 elementor-top-column elementor-element elementor-element-e0f6383\" data-id=\"e0f6383\" data-element_type=\"column\">\n\t\t\t<div class=\"elementor-widget-wrap elementor-element-populated\">\n\t\t\t\t\t\t<div class=\"elementor-element elementor-element-43d5647 elementor-widget elementor-widget-text-editor\" data-id=\"43d5647\" data-element_type=\"widget\" data-widget_type=\"text-editor.default\">\n\t\t\t\t<div class=\"elementor-widget-container\">\n\t\t\t\t\t\t\t\t\t<p class=\"MsoNormal\" style=\"margin: 0in 0in 10pt; line-height: normal; font-size: 14pt; font-family: 'Microsoft Sans Serif', sans-serif; color: white;\"><span style=\"font-size: 12pt; font-family: Calibri, sans-serif; color: #161718;\">Senegal Cumhuriyeti, Bat\u0131 Afrika&#8217;da bulunur ve Mali, Gine, Gine-Bissau, Gambiya ve Moritanya ile s\u0131n\u0131rlar\u0131n\u0131 payla\u015fmaktad\u0131r. Senegal n\u00fcfusu 16 milyondu, GSY\u0130H&#8217;\u0131 16 Milyar dolard\u0131r.<\/span><\/p><p class=\"MsoNormal\" style=\"margin: 0in 0in 10pt; line-height: normal; font-size: 14pt; font-family: 'Microsoft Sans Serif', sans-serif; color: white;\"><span style=\"font-size: 12pt; font-family: Calibri, sans-serif; color: #161718;\">Senegal, 1960&#8217;ta Fransa&#8217;dan ba\u011f\u0131ms\u0131zl\u0131\u011f\u0131n\u0131 kazand\u0131. Frans\u0131zca resmi dildir. Ba\u015fkenti Dakar, yakla\u015f\u0131k 1 milyon n\u00fcfusa sahiptir.<\/span><\/p><p class=\"MsoNormal\" style=\"margin: 0in 0in 10pt; line-height: normal; font-size: 14pt; font-family: 'Microsoft Sans Serif', sans-serif; color: white;\"><span style=\"font-size: 12pt; font-family: Calibri, sans-serif; color: #161718;\">Senegal\u2019in ticaret ortaklar\u0131 Mali, Fransa ve \u00c7in\u2019dir. Senegal, Afrika&#8217;daki en \u00f6nemli bal\u0131k\u00e7\u0131l\u0131k \u00fclkelerinden biridir. Alt\u0131n ve petrol rafinerisi, Senegal\u2019in ekonomisinde de \u00f6nemli bir rol oynamaktad\u0131r. Senegal zengin Fosfat kaynaklar\u0131na da sahiptir. Bat\u0131 Afrika Ekonomik ve Para Birli\u011fi (WAEMU) \u00fcyesi olan Senegal&#8217;in Mali ve Fildi\u015fi Sahili ile yak\u0131n ticari ili\u015fkileri var.<\/span><\/p><p class=\"MsoNormal\" style=\"margin: 0in 0in 10pt; line-height: normal; font-size: 14pt; font-family: 'Microsoft Sans Serif', sans-serif; color: white;\"><span style=\"font-size: 12pt; font-family: Calibri, sans-serif; color: #161718;\">T\u00fcrkiye ve Senegal&#8217;in son on y\u0131lda yak\u0131n ticari ili\u015fkileri var. Senegal&#8217;e yap\u0131lan ihracat son 10 y\u0131lda 108 Milyon Dolardan 257 Milyon Dolara y\u00fckseldi. T\u00fcrkiye ile Senegal aras\u0131nda Aral\u0131k 2017&#8217;de ikili ili\u015fkiler anla\u015fmas\u0131n\u0131n geli\u015ftirilmesi imzaland\u0131. Pek \u00e7ok T\u00fcrk in\u015faat \u015firketi Senegal&#8217;de devam ediyor. \u00d6rne\u011fin, Yap\u0131 Merkezi, Senegal&#8217;de 373 Milyon Euro&#8217;luk y\u00fcksek h\u0131zl\u0131 tren projesinin yap\u0131c\u0131s\u0131 oldu. Son olarak, ili\u015fkilerin geli\u015fmesi nedeniyle, T\u00fcrkiye Eximbank Genel M\u00fcd\u00fcr\u00fcne Senegal Devlet Ni\u015fan\u0131 verildi.<\/span><\/p><p class=\"MsoNormal\" style=\"margin: 0in 0in 10pt; line-height: normal; font-size: 14pt; font-family: 'Microsoft Sans Serif', sans-serif; color: white;\"><span style=\"font-size: 12pt; font-family: Calibri, sans-serif; color: #161718;\">A\u015fa\u011f\u0131da Senegal ile T\u00fcrkiye aras\u0131ndaki bilgi formunu, makroekonomik g\u00f6r\u00fcn\u00fcm\u00fc ve ticaret ili\u015fkilerini g\u00f6rebilirsiniz.<\/span><\/p>\t\t\t\t\t\t\t\t<\/div>\n\t\t\t\t<\/div>\n\t\t\t\t\t<\/div>\n\t\t<\/div>\n\t\t\t\t\t<\/div>\n\t\t<\/section>\n\t\t\t\t<section class=\"elementor-section elementor-top-section elementor-element elementor-element-ffeb7df elementor-section-boxed elementor-section-height-default elementor-section-height-default\" data-id=\"ffeb7df\" data-element_type=\"section\">\n\t\t\t\t\t\t<div class=\"elementor-container elementor-column-gap-default\">\n\t\t\t\t\t<div class=\"elementor-column elementor-col-100 elementor-top-column elementor-element elementor-element-196e01c\" data-id=\"196e01c\" data-element_type=\"column\">\n\t\t\t<div class=\"elementor-widget-wrap elementor-element-populated\">\n\t\t\t\t\t\t<div class=\"elementor-element elementor-element-d7b71a6 elementor-widget elementor-widget-image\" data-id=\"d7b71a6\" data-element_type=\"widget\" data-widget_type=\"image.default\">\n\t\t\t\t<div class=\"elementor-widget-container\">\n\t\t\t\t\t\t\t\t\t\t\t\t\t\t\t<img fetchpriority=\"high\" decoding=\"async\" width=\"487\" height=\"259\" src=\"https:\/\/www.istanbulafrica.com\/wp-content\/uploads\/2019\/08\/Senegal-Chart1.jpg\" class=\"attachment-large size-large wp-image-2092\" alt=\"senegal profile gdp gdp per capita trade export import chart\" srcset=\"https:\/\/www.istanbulafrica.com\/wp-content\/uploads\/2019\/08\/Senegal-Chart1.jpg 487w, https:\/\/www.istanbulafrica.com\/wp-content\/uploads\/2019\/08\/Senegal-Chart1-300x160.jpg 300w\" sizes=\"(max-width: 487px) 100vw, 487px\" \/>\t\t\t\t\t\t\t\t\t\t\t\t\t\t\t<\/div>\n\t\t\t\t<\/div>\n\t\t\t\t\t<\/div>\n\t\t<\/div>\n\t\t\t\t\t<\/div>\n\t\t<\/section>\n\t\t\t\t<section class=\"elementor-section elementor-top-section elementor-element elementor-element-e4e0a71 elementor-section-boxed elementor-section-height-default elementor-section-height-default\" data-id=\"e4e0a71\" data-element_type=\"section\">\n\t\t\t\t\t\t<div class=\"elementor-container elementor-column-gap-default\">\n\t\t\t\t\t<div class=\"elementor-column elementor-col-100 elementor-top-column elementor-element elementor-element-f659255\" data-id=\"f659255\" data-element_type=\"column\">\n\t\t\t<div class=\"elementor-widget-wrap elementor-element-populated\">\n\t\t\t\t\t\t<div class=\"elementor-element elementor-element-c27241a elementor-widget elementor-widget-image\" data-id=\"c27241a\" data-element_type=\"widget\" data-widget_type=\"image.default\">\n\t\t\t\t<div class=\"elementor-widget-container\">\n\t\t\t\t\t\t\t\t\t\t\t\t\t\t\t<img decoding=\"async\" width=\"1024\" height=\"607\" src=\"https:\/\/www.istanbulafrica.com\/wp-content\/uploads\/2019\/08\/Senegal-Chart2-1024x607.png\" class=\"attachment-large size-large wp-image-2093\" alt=\"senegal profile gdp gdp per capita trade export import chart\" srcset=\"https:\/\/www.istanbulafrica.com\/wp-content\/uploads\/2019\/08\/Senegal-Chart2-1024x607.png 1024w, https:\/\/www.istanbulafrica.com\/wp-content\/uploads\/2019\/08\/Senegal-Chart2-300x178.png 300w, https:\/\/www.istanbulafrica.com\/wp-content\/uploads\/2019\/08\/Senegal-Chart2-768x455.png 768w, https:\/\/www.istanbulafrica.com\/wp-content\/uploads\/2019\/08\/Senegal-Chart2-720x427.png 720w, https:\/\/www.istanbulafrica.com\/wp-content\/uploads\/2019\/08\/Senegal-Chart2.png 1029w\" sizes=\"(max-width: 1024px) 100vw, 1024px\" \/>\t\t\t\t\t\t\t\t\t\t\t\t\t\t\t<\/div>\n\t\t\t\t<\/div>\n\t\t\t\t\t<\/div>\n\t\t<\/div>\n\t\t\t\t\t<\/div>\n\t\t<\/section>\n\t\t\t\t<\/div>\n\t\t","protected":false},"excerpt":{"rendered":"<p>Senegal Cumhuriyeti, Bat\u0131 Afrika&#8217;da bulunur ve Mali, Gine, Gine-Bissau, Gambiya ve Moritanya ile s\u0131n\u0131rlar\u0131n\u0131 payla\u015fmaktad\u0131r. Senegal n\u00fcfusu 16 milyondu, GSY\u0130H&#8217;\u0131 [&hellip;]<\/p>\n","protected":false},"author":1,"featured_media":2090,"parent":2125,"menu_order":0,"comment_status":"closed","ping_status":"closed","template":"","meta":{"_monsterinsights_skip_tracking":false,"_monsterinsights_sitenote_active":false,"_monsterinsights_sitenote_note":"","_monsterinsights_sitenote_category":0,"footnotes":""},"class_list":["post-2164","page","type-page","status-publish","has-post-thumbnail","hentry"],"yoast_head":"<!-- This site is optimized with the Yoast SEO Premium plugin v25.7.1 (Yoast SEO v25.8) - https:\/\/yoast.com\/wordpress\/plugins\/seo\/ -->\n<title>Senegal ihracat Senegal ithalat - Istanbul Africa Trade Company - Ticaret<\/title>\n<meta name=\"description\" content=\"Senegal ihracat, Senegal ithalat. Senegal&#039;e nas\u0131l ihracat yap\u0131l\u0131r? Makine, tekstil, mobilya, metal, tar\u0131m, altyap\u0131, in\u015faat, kimya, plastik, demir. Ticaret\" \/>\n<meta name=\"robots\" content=\"index, follow, max-snippet:-1, max-image-preview:large, max-video-preview:-1\" \/>\n<link rel=\"canonical\" href=\"https:\/\/www.istanbulafrica.com\/tr\/afrika\/ulke-profilleri\/senegal\/\" \/>\n<meta property=\"og:locale\" content=\"en_US\" \/>\n<meta property=\"og:type\" content=\"article\" \/>\n<meta property=\"og:title\" content=\"Senegal\" \/>\n<meta property=\"og:description\" content=\"Senegal ihracat, Senegal ithalat. Senegal&#039;e nas\u0131l ihracat yap\u0131l\u0131r? Makine, tekstil, mobilya, metal, tar\u0131m, altyap\u0131, in\u015faat, kimya, plastik, demir. Ticaret\" \/>\n<meta property=\"og:url\" content=\"https:\/\/www.istanbulafrica.com\/tr\/afrika\/ulke-profilleri\/senegal\/\" \/>\n<meta property=\"og:site_name\" content=\"Istanbul Africa Trade Company\" \/>\n<meta property=\"article:publisher\" content=\"http:\/\/www.facebook.com\/istanbulafrica\" \/>\n<meta property=\"article:modified_time\" content=\"2020-04-02T10:08:30+00:00\" \/>\n<meta property=\"og:image\" content=\"https:\/\/www.istanbulafrica.com\/wp-content\/uploads\/2019\/08\/Senegal-Prof.jpg\" \/>\n\t<meta property=\"og:image:width\" content=\"493\" \/>\n\t<meta property=\"og:image:height\" content=\"212\" \/>\n\t<meta property=\"og:image:type\" content=\"image\/jpeg\" \/>\n<meta name=\"twitter:card\" content=\"summary_large_image\" \/>\n<meta name=\"twitter:site\" content=\"@istanbulafrica\" \/>\n<meta name=\"twitter:label1\" content=\"Est. reading time\" \/>\n\t<meta name=\"twitter:data1\" content=\"1 minute\" \/>\n<script type=\"application\/ld+json\" class=\"yoast-schema-graph\">{\"@context\":\"https:\/\/schema.org\",\"@graph\":[{\"@type\":\"WebPage\",\"@id\":\"https:\/\/www.istanbulafrica.com\/tr\/afrika\/ulke-profilleri\/senegal\/\",\"url\":\"https:\/\/www.istanbulafrica.com\/tr\/afrika\/ulke-profilleri\/senegal\/\",\"name\":\"Senegal ihracat Senegal ithalat - Istanbul Africa Trade Company - Ticaret\",\"isPartOf\":{\"@id\":\"https:\/\/www.istanbulafrica.com\/#website\"},\"primaryImageOfPage\":{\"@id\":\"https:\/\/www.istanbulafrica.com\/tr\/afrika\/ulke-profilleri\/senegal\/#primaryimage\"},\"image\":{\"@id\":\"https:\/\/www.istanbulafrica.com\/tr\/afrika\/ulke-profilleri\/senegal\/#primaryimage\"},\"thumbnailUrl\":\"https:\/\/www.istanbulafrica.com\/wp-content\/uploads\/2019\/08\/Senegal-Prof.jpg\",\"datePublished\":\"2019-08-13T12:45:15+00:00\",\"dateModified\":\"2020-04-02T10:08:30+00:00\",\"description\":\"Senegal ihracat, Senegal ithalat. Senegal'e nas\u0131l ihracat yap\u0131l\u0131r? Makine, tekstil, mobilya, metal, tar\u0131m, altyap\u0131, in\u015faat, kimya, plastik, demir. Ticaret\",\"breadcrumb\":{\"@id\":\"https:\/\/www.istanbulafrica.com\/tr\/afrika\/ulke-profilleri\/senegal\/#breadcrumb\"},\"inLanguage\":\"en-US\",\"potentialAction\":[{\"@type\":\"ReadAction\",\"target\":[\"https:\/\/www.istanbulafrica.com\/tr\/afrika\/ulke-profilleri\/senegal\/\"]}]},{\"@type\":\"ImageObject\",\"inLanguage\":\"en-US\",\"@id\":\"https:\/\/www.istanbulafrica.com\/tr\/afrika\/ulke-profilleri\/senegal\/#primaryimage\",\"url\":\"https:\/\/www.istanbulafrica.com\/wp-content\/uploads\/2019\/08\/Senegal-Prof.jpg\",\"contentUrl\":\"https:\/\/www.istanbulafrica.com\/wp-content\/uploads\/2019\/08\/Senegal-Prof.jpg\",\"width\":493,\"height\":212,\"caption\":\"senegal profile gdp gdp per capita trade export import chart\"},{\"@type\":\"BreadcrumbList\",\"@id\":\"https:\/\/www.istanbulafrica.com\/tr\/afrika\/ulke-profilleri\/senegal\/#breadcrumb\",\"itemListElement\":[{\"@type\":\"ListItem\",\"position\":1,\"name\":\"Home\",\"item\":\"https:\/\/www.istanbulafrica.com\/\"},{\"@type\":\"ListItem\",\"position\":2,\"name\":\"Afrika\",\"item\":\"https:\/\/www.istanbulafrica.com\/tr\/afrika\/\"},{\"@type\":\"ListItem\",\"position\":3,\"name\":\"\u00dclke Profilleri\",\"item\":\"https:\/\/www.istanbulafrica.com\/tr\/afrika\/ulke-profilleri\/\"},{\"@type\":\"ListItem\",\"position\":4,\"name\":\"Senegal\"}]},{\"@type\":\"WebSite\",\"@id\":\"https:\/\/www.istanbulafrica.com\/#website\",\"url\":\"https:\/\/www.istanbulafrica.com\/\",\"name\":\"Istanbul Africa Trade Company\",\"description\":\"Import, Export and Investment\",\"publisher\":{\"@id\":\"https:\/\/www.istanbulafrica.com\/#organization\"},\"potentialAction\":[{\"@type\":\"SearchAction\",\"target\":{\"@type\":\"EntryPoint\",\"urlTemplate\":\"https:\/\/www.istanbulafrica.com\/?s={search_term_string}\"},\"query-input\":{\"@type\":\"PropertyValueSpecification\",\"valueRequired\":true,\"valueName\":\"search_term_string\"}}],\"inLanguage\":\"en-US\"},{\"@type\":\"Organization\",\"@id\":\"https:\/\/www.istanbulafrica.com\/#organization\",\"name\":\"Istanbul Africa Trade Company\",\"url\":\"https:\/\/www.istanbulafrica.com\/\",\"logo\":{\"@type\":\"ImageObject\",\"inLanguage\":\"en-US\",\"@id\":\"https:\/\/www.istanbulafrica.com\/#\/schema\/logo\/image\/\",\"url\":\"https:\/\/www.istanbulafrica.com\/wp-content\/uploads\/2018\/11\/Logo-5_Multicolor-1-e1543258165564.png\",\"contentUrl\":\"https:\/\/www.istanbulafrica.com\/wp-content\/uploads\/2018\/11\/Logo-5_Multicolor-1-e1543258165564.png\",\"width\":300,\"height\":82,\"caption\":\"Istanbul Africa Trade Company\"},\"image\":{\"@id\":\"https:\/\/www.istanbulafrica.com\/#\/schema\/logo\/image\/\"},\"sameAs\":[\"http:\/\/www.facebook.com\/istanbulafrica\",\"https:\/\/x.com\/istanbulafrica\",\"https:\/\/www.instagram.com\/istanbulafrica\",\"https:\/\/linkedin.com\/company\/istanbulafrica\"]}]}<\/script>\n<!-- \/ Yoast SEO Premium plugin. -->","yoast_head_json":{"title":"Senegal ihracat Senegal ithalat - Istanbul Africa Trade Company - Ticaret","description":"Senegal ihracat, Senegal ithalat. Senegal'e nas\u0131l ihracat yap\u0131l\u0131r? Makine, tekstil, mobilya, metal, tar\u0131m, altyap\u0131, in\u015faat, kimya, plastik, demir. Ticaret","robots":{"index":"index","follow":"follow","max-snippet":"max-snippet:-1","max-image-preview":"max-image-preview:large","max-video-preview":"max-video-preview:-1"},"canonical":"https:\/\/www.istanbulafrica.com\/tr\/afrika\/ulke-profilleri\/senegal\/","og_locale":"en_US","og_type":"article","og_title":"Senegal","og_description":"Senegal ihracat, Senegal ithalat. Senegal'e nas\u0131l ihracat yap\u0131l\u0131r? Makine, tekstil, mobilya, metal, tar\u0131m, altyap\u0131, in\u015faat, kimya, plastik, demir. Ticaret","og_url":"https:\/\/www.istanbulafrica.com\/tr\/afrika\/ulke-profilleri\/senegal\/","og_site_name":"Istanbul Africa Trade Company","article_publisher":"http:\/\/www.facebook.com\/istanbulafrica","article_modified_time":"2020-04-02T10:08:30+00:00","og_image":[{"width":493,"height":212,"url":"https:\/\/www.istanbulafrica.com\/wp-content\/uploads\/2019\/08\/Senegal-Prof.jpg","type":"image\/jpeg"}],"twitter_card":"summary_large_image","twitter_site":"@istanbulafrica","twitter_misc":{"Est. reading time":"1 minute"},"schema":{"@context":"https:\/\/schema.org","@graph":[{"@type":"WebPage","@id":"https:\/\/www.istanbulafrica.com\/tr\/afrika\/ulke-profilleri\/senegal\/","url":"https:\/\/www.istanbulafrica.com\/tr\/afrika\/ulke-profilleri\/senegal\/","name":"Senegal ihracat Senegal ithalat - Istanbul Africa Trade Company - Ticaret","isPartOf":{"@id":"https:\/\/www.istanbulafrica.com\/#website"},"primaryImageOfPage":{"@id":"https:\/\/www.istanbulafrica.com\/tr\/afrika\/ulke-profilleri\/senegal\/#primaryimage"},"image":{"@id":"https:\/\/www.istanbulafrica.com\/tr\/afrika\/ulke-profilleri\/senegal\/#primaryimage"},"thumbnailUrl":"https:\/\/www.istanbulafrica.com\/wp-content\/uploads\/2019\/08\/Senegal-Prof.jpg","datePublished":"2019-08-13T12:45:15+00:00","dateModified":"2020-04-02T10:08:30+00:00","description":"Senegal ihracat, Senegal ithalat. Senegal'e nas\u0131l ihracat yap\u0131l\u0131r? Makine, tekstil, mobilya, metal, tar\u0131m, altyap\u0131, in\u015faat, kimya, plastik, demir. Ticaret","breadcrumb":{"@id":"https:\/\/www.istanbulafrica.com\/tr\/afrika\/ulke-profilleri\/senegal\/#breadcrumb"},"inLanguage":"en-US","potentialAction":[{"@type":"ReadAction","target":["https:\/\/www.istanbulafrica.com\/tr\/afrika\/ulke-profilleri\/senegal\/"]}]},{"@type":"ImageObject","inLanguage":"en-US","@id":"https:\/\/www.istanbulafrica.com\/tr\/afrika\/ulke-profilleri\/senegal\/#primaryimage","url":"https:\/\/www.istanbulafrica.com\/wp-content\/uploads\/2019\/08\/Senegal-Prof.jpg","contentUrl":"https:\/\/www.istanbulafrica.com\/wp-content\/uploads\/2019\/08\/Senegal-Prof.jpg","width":493,"height":212,"caption":"senegal profile gdp gdp per capita trade export import chart"},{"@type":"BreadcrumbList","@id":"https:\/\/www.istanbulafrica.com\/tr\/afrika\/ulke-profilleri\/senegal\/#breadcrumb","itemListElement":[{"@type":"ListItem","position":1,"name":"Home","item":"https:\/\/www.istanbulafrica.com\/"},{"@type":"ListItem","position":2,"name":"Afrika","item":"https:\/\/www.istanbulafrica.com\/tr\/afrika\/"},{"@type":"ListItem","position":3,"name":"\u00dclke Profilleri","item":"https:\/\/www.istanbulafrica.com\/tr\/afrika\/ulke-profilleri\/"},{"@type":"ListItem","position":4,"name":"Senegal"}]},{"@type":"WebSite","@id":"https:\/\/www.istanbulafrica.com\/#website","url":"https:\/\/www.istanbulafrica.com\/","name":"Istanbul Africa Trade Company","description":"Import, Export and Investment","publisher":{"@id":"https:\/\/www.istanbulafrica.com\/#organization"},"potentialAction":[{"@type":"SearchAction","target":{"@type":"EntryPoint","urlTemplate":"https:\/\/www.istanbulafrica.com\/?s={search_term_string}"},"query-input":{"@type":"PropertyValueSpecification","valueRequired":true,"valueName":"search_term_string"}}],"inLanguage":"en-US"},{"@type":"Organization","@id":"https:\/\/www.istanbulafrica.com\/#organization","name":"Istanbul Africa Trade Company","url":"https:\/\/www.istanbulafrica.com\/","logo":{"@type":"ImageObject","inLanguage":"en-US","@id":"https:\/\/www.istanbulafrica.com\/#\/schema\/logo\/image\/","url":"https:\/\/www.istanbulafrica.com\/wp-content\/uploads\/2018\/11\/Logo-5_Multicolor-1-e1543258165564.png","contentUrl":"https:\/\/www.istanbulafrica.com\/wp-content\/uploads\/2018\/11\/Logo-5_Multicolor-1-e1543258165564.png","width":300,"height":82,"caption":"Istanbul Africa Trade Company"},"image":{"@id":"https:\/\/www.istanbulafrica.com\/#\/schema\/logo\/image\/"},"sameAs":["http:\/\/www.facebook.com\/istanbulafrica","https:\/\/x.com\/istanbulafrica","https:\/\/www.instagram.com\/istanbulafrica","https:\/\/linkedin.com\/company\/istanbulafrica"]}]}},"_links":{"self":[{"href":"https:\/\/www.istanbulafrica.com\/wp-json\/wp\/v2\/pages\/2164","targetHints":{"allow":["GET"]}}],"collection":[{"href":"https:\/\/www.istanbulafrica.com\/wp-json\/wp\/v2\/pages"}],"about":[{"href":"https:\/\/www.istanbulafrica.com\/wp-json\/wp\/v2\/types\/page"}],"author":[{"embeddable":true,"href":"https:\/\/www.istanbulafrica.com\/wp-json\/wp\/v2\/users\/1"}],"replies":[{"embeddable":true,"href":"https:\/\/www.istanbulafrica.com\/wp-json\/wp\/v2\/comments?post=2164"}],"version-history":[{"count":4,"href":"https:\/\/www.istanbulafrica.com\/wp-json\/wp\/v2\/pages\/2164\/revisions"}],"predecessor-version":[{"id":3153,"href":"https:\/\/www.istanbulafrica.com\/wp-json\/wp\/v2\/pages\/2164\/revisions\/3153"}],"up":[{"embeddable":true,"href":"https:\/\/www.istanbulafrica.com\/wp-json\/wp\/v2\/pages\/2125"}],"wp:featuredmedia":[{"embeddable":true,"href":"https:\/\/www.istanbulafrica.com\/wp-json\/wp\/v2\/media\/2090"}],"wp:attachment":[{"href":"https:\/\/www.istanbulafrica.com\/wp-json\/wp\/v2\/media?parent=2164"}],"curies":[{"name":"wp","href":"https:\/\/api.w.org\/{rel}","templated":true}]}}